{"id":1006,"date":"2020-02-22T17:16:06","date_gmt":"2020-02-22T17:16:06","guid":{"rendered":"http:\/\/manu.acrylicballads.de\/?page_id=1006"},"modified":"2022-02-15T07:15:39","modified_gmt":"2022-02-15T07:15:39","slug":"biographie","status":"publish","type":"page","link":"https:\/\/acrylicballads.de\/?page_id=1006","title":{"rendered":"Biographie"},"content":{"rendered":"\n<figure class=\"wp-block-table aligncenter\"><table><tbody><tr><td class=\"has-text-align-center\" data-align=\"center\"><a href=\"http:\/\/acrylicballads.de\/?page_id=1006\"><img decoding=\"async\" class=\"wp-image-1046\" style=\"width: 60px;\" src=\"http:\/\/acrylicballads.de\/wp-content\/uploads\/2020\/02\/germany.jpg\" alt=\"\"><\/a><\/td><td><a href=\"http:\/\/acrylicballads.de\/?page_id=1057\"><img decoding=\"async\" class=\"wp-image-1048\" style=\"width: 60px;\" src=\"http:\/\/acrylicballads.de\/wp-content\/uploads\/2020\/02\/Spanien.jpg\" alt=\"\"><\/a><\/td><td><a href=\"http:\/\/acrylicballads.de\/?page_id=1061\"><img decoding=\"async\" class=\"wp-image-1045\" style=\"width: 60px;\" src=\"http:\/\/acrylicballads.de\/wp-content\/uploads\/2020\/02\/frankreich.jpg\" alt=\"\"><\/a><\/td><td><a href=\"http:\/\/acrylicballads.de\/?page_id=1064\"><img decoding=\"async\" class=\"wp-image-1043\" style=\"width: 60px;\" src=\"http:\/\/acrylicballads.de\/wp-content\/uploads\/2020\/02\/flagge_uk.jpg\" alt=\"\"><\/a><\/td><td><a href=\"http:\/\/acrylicballads.de\/?page_id=1064\"><img decoding=\"async\" class=\"wp-image-1044\" style=\"width: 60px;\" src=\"http:\/\/acrylicballads.de\/wp-content\/uploads\/2020\/02\/flagge_usa.jpg\" alt=\"\"><\/a><\/td><td><a href=\"http:\/\/acrylicballads.de\/?page_id=1064\"><img decoding=\"async\" class=\"wp-image-1042\" style=\"width: 60px;\" src=\"http:\/\/acrylicballads.de\/wp-content\/uploads\/2020\/02\/flagge_kanada.jpg\" alt=\"\"><\/a><\/td><td><a href=\"http:\/\/acrylicballads.de\/?page_id=1066\"><img decoding=\"async\" class=\"wp-image-1049\" style=\"width: 60px;\" src=\"http:\/\/acrylicballads.de\/wp-content\/uploads\/2020\/02\/tuerkei.png\" alt=\"\"><\/a><\/td><td><a href=\"http:\/\/acrylicballads.de\/?page_id=1068\"><img decoding=\"async\" class=\"wp-image-1041\" style=\"width: 60px;\" src=\"http:\/\/acrylicballads.de\/wp-content\/uploads\/2020\/02\/brasilien.jpg\" alt=\"\"><\/a><\/td><td><a href=\"http:\/\/acrylicballads.de\/?page_id=1068\"><img decoding=\"async\" class=\"wp-image-1047\" style=\"width: 60px;\" src=\"http:\/\/acrylicballads.de\/wp-content\/uploads\/2020\/02\/portugal.jpg\" alt=\"\"><\/a><\/td><td><a href=\"https:\/\/acrylicballads.de\/?page_id=1336\" data-type=\"page\" data-id=\"1336\"><img loading=\"lazy\" decoding=\"async\" width=\"60\" height=\"40\" class=\"wp-image-1307\" style=\"width: 60px;\" src=\"https:\/\/acrylicballads.de\/wp-content\/uploads\/2022\/02\/flagge-italien.jpg\" alt=\"\"><\/a><\/td><\/tr><\/tbody><\/table><\/figure>\n\n\n\n<p>Biograhisches &#8211; auf den Punkt gebracht<\/p>\n\n\n\n<p>Von Innen heraus&#8230;&#8230;&#8230;&#8230;&#8230;&#8230;&#8230;&#8230;<\/p>\n\n\n\n<p>Horst Uwe Warnicke wurde in Packebusch in Sachsen-Anhalt geboren und wuchs&nbsp;<\/p>\n\n\n\n<p>in D\u00fcsseldorf als sogenanntes &#8222;Fl\u00fcchtlingskind&#8220; auf und besuchte hier zuerst die &#8222;Volksschule&#8220;, die katholisch war. Als Herr Lumumba im Kongo ermordet wurde, mussten wir &#8222;i-D\u00f6tze&#8220; f\u00fcr ihn beten&#8230;&nbsp;<\/p>\n\n\n\n<p>Meinem Bruder und mir wurden oft Gute-Nacht-Geschichten vorgelesen, meistens von unserer Mutter oder dem Gro\u00dfvater. Aus dieser Zeit ist noch eines der ersten Bilder erhalten, welches nach dem M\u00e4rchen &gt;Das blaue Licht&lt; entstanden ist:&nbsp;<\/p>\n\n\n\n<p>Das Blaue Licht <\/p>\n\n\n\n<figure class=\"wp-block-image size-large\"><img loading=\"lazy\" decoding=\"async\" width=\"150\" height=\"200\" src=\"http:\/\/acrylicballads.de\/wp-content\/uploads\/2020\/02\/blaue_licht_k-rotated-e1582396418700.jpg\" alt=\"\" class=\"wp-image-1051\"\/><\/figure>\n\n\n\n<p>Malen ist f\u00fcr mich seit fr\u00fchester Kindheit mit anregender Freude verbunden, die sich \u00fcber die Jahre gehalten hat und \u00fcber alle sich ereigneten &#8222;Einschnitte&#8220; andauert.&nbsp;<\/p>\n\n\n\n<p>Solche allgemein menschlichen Lebensereignisse sind aktuell durch Roger Willemsen als &#8222;Knackse&#8220; bekannter und nachf\u00fchlbarer geworden&#8230;&nbsp;<\/p>\n\n\n\n<p>W\u00e4hrend meiner Ausbildungen &#8211; Studium der Kunst und Germanistik, Individualpsychologie &#8211; konnte ich eine ganze Menge f\u00fcr mein Leben lernen und vertiefen und sp\u00e4ter auch f\u00fcr andere hilfreich werden.&nbsp;<\/p>\n\n\n\n<p>Wirklich wichtige und gleichzeitig ebenso heitere Impulse in der Zeit des Studiums verdanke ich Walter C\u00fcppers, Klaus-Hinrich Roth und Gudula List, und besonders liebevolle Freundschaften zu einigen Menschen, die uns bis auf den heutigen Tag miteinander verbinden&#8230;&nbsp;<\/p>\n\n\n\n<p>Waren es damals Geschichten und Erz\u00e4hlungen, die diesen &#8222;inneren Drang&#8220; zu malen mit ausl\u00f6sten, kam in sp\u00e4teren Jahren die Musik (vor allem Bossa Nova &#8211; die Tochter von Samba und Swing) in bestimmender Weise hinzu und darin f\u00fcgt sich wiederum ein: das Gl\u00fcck zu reisen&#8230;&nbsp;<\/p>\n\n\n\n<p>Auf diesen Wegen sind Bilder entstanden in eher meditativer Art und Weise, es bedeutet f\u00fcr mich Hingabe an ein spannendes inspiratives Gef\u00fchl, diese &gt;inneren Welten&lt; zu entdecken und auszudr\u00fccken.&nbsp;<\/p>\n\n\n\n<p>F\u00fcr mich wesentlich geworden sind: Hoffnung, Schlaf und Lachen! Und die Gewissheit, dass wir hier nur Gast sind f\u00fcr eine viel zu kurze Zeit.&nbsp;<\/p>\n\n\n\n<p>Diese wenigen Hinweise m\u00f6gen reichen, nun m\u00f6chte ich Sie gerne auf einen Spaziergang durch diese Bilderwelten einladen!<\/p>\n\n\n\n<div class=\"wp-block-image\"><figure class=\"aligncenter size-large\"><img loading=\"lazy\" decoding=\"async\" width=\"320\" height=\"320\" src=\"http:\/\/acrylicballads.de\/wp-content\/uploads\/2020\/02\/Horst_profil.jpg\" alt=\"\" class=\"wp-image-1038\" srcset=\"https:\/\/acrylicballads.de\/wp-content\/uploads\/2020\/02\/Horst_profil.jpg 320w, https:\/\/acrylicballads.de\/wp-content\/uploads\/2020\/02\/Horst_profil-300x300.jpg 300w, https:\/\/acrylicballads.de\/wp-content\/uploads\/2020\/02\/Horst_profil-150x150.jpg 150w\" sizes=\"auto, (max-width: 320px) 85vw, 320px\" \/><\/figure><\/div>\n\n\n","protected":false},"excerpt":{"rendered":"<p>Biograhisches &#8211; auf den Punkt gebracht Von Innen heraus&#8230;&#8230;&#8230;&#8230;&#8230;&#8230;&#8230;&#8230; Horst Uwe Warnicke wurde in Packebusch in Sachsen-Anhalt geboren und wuchs&nbsp; in D\u00fcsseldorf als sogenanntes &#8222;Fl\u00fcchtlingskind&#8220; auf und besuchte hier zuerst die &#8222;Volksschule&#8220;, die katholisch war. Als Herr Lumumba im Kongo ermordet wurde, mussten wir &#8222;i-D\u00f6tze&#8220; f\u00fcr ihn beten&#8230;&nbsp; Meinem Bruder und mir wurden oft Gute-Nacht-Geschichten &hellip; <a href=\"https:\/\/acrylicballads.de\/?page_id=1006\" class=\"more-link\"><span class=\"screen-reader-text\">\u201eBiographie\u201c <\/span>weiterlesen<\/a><\/p>\n","protected":false},"author":1,"featured_media":0,"parent":0,"menu_order":0,"comment_status":"closed","ping_status":"closed","template":"","meta":{"footnotes":""},"class_list":["post-1006","page","type-page","status-publish","hentry"],"_links":{"self":[{"href":"https:\/\/acrylicballads.de\/index.php?rest_route=\/wp\/v2\/pages\/1006","targetHints":{"allow":["GET"]}}],"collection":[{"href":"https:\/\/acrylicballads.de\/index.php?rest_route=\/wp\/v2\/pages"}],"about":[{"href":"https:\/\/acrylicballads.de\/index.php?rest_route=\/wp\/v2\/types\/page"}],"author":[{"embeddable":true,"href":"https:\/\/acrylicballads.de\/index.php?rest_route=\/wp\/v2\/users\/1"}],"replies":[{"embeddable":true,"href":"https:\/\/acrylicballads.de\/index.php?rest_route=%2Fwp%2Fv2%2Fcomments&post=1006"}],"version-history":[{"count":18,"href":"https:\/\/acrylicballads.de\/index.php?rest_route=\/wp\/v2\/pages\/1006\/revisions"}],"predecessor-version":[{"id":1327,"href":"https:\/\/acrylicballads.de\/index.php?rest_route=\/wp\/v2\/pages\/1006\/revisions\/1327"}],"wp:attachment":[{"href":"https:\/\/acrylicballads.de\/index.php?rest_route=%2Fwp%2Fv2%2Fmedia&parent=1006"}],"curies":[{"name":"wp","href":"https:\/\/api.w.org\/{rel}","templated":true}]}}